{"id":131,"date":"2026-02-16T19:32:01","date_gmt":"2026-02-16T19:32:01","guid":{"rendered":"https:\/\/vidasilvestre.eu\/?page_id=131"},"modified":"2026-02-17T18:44:46","modified_gmt":"2026-02-17T18:44:46","slug":"principal","status":"publish","type":"page","link":"https:\/\/vidasilvestre.eu\/ca\/","title":{"rendered":"Sociedad Cient\u00edfica Vida Silvestre"},"content":{"rendered":"\n<h1 class=\"wp-block-heading\">Actualidad<\/h1>\n\n\n<ul data-spbadd-entrance=\"\" superb-addons-animation=\"fadeIn\" class=\"wp-block-latest-posts__list has-author wp-block-latest-posts\"><li><a class=\"wp-block-latest-posts__post-title\" href=\"https:\/\/vidasilvestre.eu\/ca\/uncategorized\/comensalismo\/\">Comensalismo?<\/a><div class=\"wp-block-latest-posts__post-author\">per FRANCISCO JAVIER GARCIA ASES<\/div><div class=\"wp-block-latest-posts__post-excerpt\">Os paso una imagen curiosa cuando los patos se alimentan y hacen salir insectos que son cazados por las golondrinas. C\u00f3mo se llama esta relaci\u00f3n Cuando una especie obtiene alimento gracias al trabajo de otra, sin que la otra gane ni pierda nada, la interacci\u00f3n se llama: Comensalismo tr\u00f3fico (o facilitaci\u00f3n tr\u00f3fica) Por eso no\u2026 <a class=\"wp-block-latest-posts__read-more\" href=\"https:\/\/vidasilvestre.eu\/ca\/uncategorized\/comensalismo\/\" rel=\"noopener noreferrer\">Llegiu-ne m\u00e9s<span class=\"screen-reader-text\">: Comensalismo?<\/span><\/a><\/div><\/li>\n<li><a class=\"wp-block-latest-posts__post-title\" href=\"https:\/\/vidasilvestre.eu\/ca\/uncategorized\/nueva-especie-invasora-descubierta-en-moncada\/\">Nueva especie invasora descubierta en Moncada<\/a><div class=\"wp-block-latest-posts__post-author\">per FRANCISCO JAVIER GARCIA ASES<\/div><div class=\"wp-block-latest-posts__post-excerpt\">Esta especie esta presente en Espa\u00f1a desde el 2003, se trata de la chinche del pino americana (Leptoglossus occidentalis) es originaria de la costa oeste de Norteam\u00e9rica. Se puede alimentar de pinos.<\/div><\/li>\n<li><a class=\"wp-block-latest-posts__post-title\" href=\"https:\/\/vidasilvestre.eu\/ca\/uncategorized\/exposicion-les-dones-treballadores\/\">Exposici\u00f3n les dones treballadores:<\/a><div class=\"wp-block-latest-posts__post-author\">per FRANCISCO JAVIER GARCIA ASES<\/div><div class=\"wp-block-latest-posts__post-excerpt\">La exposici\u00f3n Cam\u00ed de les Dones Treballadores recupera y visibiliza el papel de las mujeres de Moncada y l\u2019Horta Nord en los oficios tradicionales, la vida agr\u00edcola, la industria local y los cuidados comunitarios. A trav\u00e9s de fotograf\u00edas, documentos, testimonios y objetos cotidianos, la muestra reconstruye la memoria de estas mujeres, muchas veces invisibilizadas, y\u2026 <a class=\"wp-block-latest-posts__read-more\" href=\"https:\/\/vidasilvestre.eu\/ca\/uncategorized\/exposicion-les-dones-treballadores\/\" rel=\"noopener noreferrer\">Llegiu-ne m\u00e9s<span class=\"screen-reader-text\">: Exposici\u00f3n les dones treballadores:<\/span><\/a><\/div><\/li>\n<li><a class=\"wp-block-latest-posts__post-title\" href=\"https:\/\/vidasilvestre.eu\/ca\/uncategorized\/tortola-europea\/\">T\u00f3rtola europea<\/a><div class=\"wp-block-latest-posts__post-author\">per FRANCISCO JAVIER GARCIA ASES<\/div><div class=\"wp-block-latest-posts__post-excerpt\">Observaci\u00f3n una muy tranquila y confiada<\/div><\/li>\n<li><a class=\"wp-block-latest-posts__post-title\" href=\"https:\/\/vidasilvestre.eu\/ca\/uncategorized\/recogida-de-los-primeros-tomates-de-las-variedades-rosa-de-altea-y-blanco-valenciano\/\">Recogida de los primeros tomates de las variedades rosa de altea y blanco valenciano<\/a><div class=\"wp-block-latest-posts__post-author\">per FRANCISCO JAVIER GARCIA ASES<\/div><div class=\"wp-block-latest-posts__post-excerpt\">Desde los semilleros de los talleres escolares de especies agr\u00edcolas de valencia<\/div><\/li>\n<\/ul>\n\n\n<hr class=\"wp-block-separator has-text-color has-black-color has-alpha-channel-opacity has-black-background-color has-background is-style-wide\"\/>\n\n\n\n<h1 class=\"wp-block-heading\">Pr\u00f3ximos eventos<\/h1>\n\n\n\n<div  class=\"tribe-compatibility-container\" >\n\t<div\n\t\t class=\"tribe-common tribe-events tribe-events-view tribe-events-view--widget-events-list tribe-events-widget\" \t\tdata-js=\"tribe-events-view\"\n\t\tdata-view-rest-url=\"https:\/\/vidasilvestre.eu\/ca\/wp-json\/tribe\/views\/v2\/html\"\n\t\tdata-view-manage-url=\"1\"\n\t\t\t\t\t\t\tdata-view-breakpoint-pointer=\"70808061-fbaa-412b-bfcd-6327be375295\"\n\t\t\t>\n\t\t<div class=\"tribe-events-widget-events-list\">\n\n\t\t\t<script type=\"application\/ld+json\">\r\n[{\"@context\":\"http:\/\/schema.org\",\"@type\":\"Event\",\"name\":\"Proyecto trieclipse\",\"description\":\"&lt;p&gt;Juan Ecotono: Hola, quiero pedirte apoyo para este incre\\u00edble proyecto de mi amigo \\u00c1ngel Garc\\u00eda Rojo, director de documentales de primer orden, trabajando, entre otros, muchos a\\u00f1os con la BBC. [&hellip;]&lt;\/p&gt;\\\\n\",\"url\":\"https:\/\/vidasilvestre.eu\/ca\/event\/proyecto-trieclipse\/\",\"eventAttendanceMode\":\"https:\/\/schema.org\/OfflineEventAttendanceMode\",\"eventStatus\":\"https:\/\/schema.org\/EventScheduled\",\"startDate\":\"2026-07-15T08:00:00+00:00\",\"endDate\":\"2026-09-13T22:00:00+00:00\",\"performer\":\"Organization\"},{\"@context\":\"http:\/\/schema.org\",\"@type\":\"Event\",\"name\":\"Exposici\\u00f3n \\u201cCam\\u00ed de les Dones Treballadores (1926\\u20132000)\\u201d\",\"description\":\"&lt;p&gt;Exposici\\u00f3n \\u201cCam\\u00ed de les Dones Treballadores (1926\\u20132000)\\u201d Un recorrido hist\\u00f3rico por la vida laboral femenina del siglo XX Presentaci\\u00f3n La exposici\\u00f3n Cam\\u00ed de les Dones Treballadores (1926\\u20132000)\\u00a0propone un viaje por [&hellip;]&lt;\/p&gt;\\\\n\",\"url\":\"https:\/\/vidasilvestre.eu\/ca\/event\/exposicion-cami-de-les-dones-treballadores-1926-2000\/\",\"eventAttendanceMode\":\"https:\/\/schema.org\/OfflineEventAttendanceMode\",\"eventStatus\":\"https:\/\/schema.org\/EventScheduled\",\"startDate\":\"2026-09-23T17:00:00+00:00\",\"endDate\":\"2026-09-23T21:00:00+00:00\",\"location\":{\"@type\":\"Place\",\"name\":\"carrer secretari Molins 24, Moncada\",\"description\":\"\",\"url\":\"\",\"address\":{\"@type\":\"PostalAddress\",\"streetAddress\":\"Carrer Secretari Molins 24\",\"addressLocality\":\"Moncada\",\"addressRegion\":\"Valencia\",\"postalCode\":\"46113\",\"addressCountry\":\"Spain\"},\"telephone\":\"655605552\",\"sameAs\":\"\"},\"organizer\":{\"@type\":\"Person\",\"name\":\"Sociedad Cient\\u00edfica Vida Silvestre\",\"description\":\"\",\"url\":\"https:\/\/vidasilvestre.eu\",\"telephone\":\"655605552\",\"email\":\"&#115;&#100;&#97;&#118;&#105;&#100;&#97;&#115;&#105;&#108;&#118;e&#115;&#116;&#114;&#101;&#64;&#103;mai&#108;.&#99;om\",\"sameAs\":\"https:\/\/vidasilvestre.eu\"},\"performer\":\"Organization\"}]\r\n<\/script>\n\t\t\t<script data-js=\"tribe-events-view-data\" type=\"application\/json\">\n\t{\"slug\":\"widget-events-list\",\"prev_url\":\"\",\"next_url\":\"\",\"view_class\":\"Tribe\\\\Events\\\\Views\\\\V2\\\\Views\\\\Widgets\\\\Widget_List_View\",\"view_slug\":\"widget-events-list\",\"view_label\":\"View\",\"view\":null,\"should_manage_url\":true,\"id\":null,\"alias-slugs\":null,\"title\":\"Esdeveniments de setembre 4 \\u2013 setembre 23 \\u2013 SOCIEDAD CIENT\\u00cdFICA VIDA SILVESTRE\",\"limit\":\"5\",\"no_upcoming_events\":false,\"featured_events_only\":false,\"jsonld_enable\":true,\"tribe_is_list_widget\":false,\"admin_fields\":{\"title\":{\"label\":\"T\\u00edtol:\",\"type\":\"text\",\"parent_classes\":\"\",\"classes\":\"\",\"dependency\":\"\",\"id\":\"widget-tribe-widget-events-list--1-title\",\"name\":\"widget-tribe-widget-events-list[-1][title]\",\"options\":[],\"placeholder\":\"\",\"value\":null},\"limit\":{\"label\":\"Mostra:\",\"type\":\"number\",\"default\":5,\"min\":1,\"max\":10,\"step\":1,\"parent_classes\":\"\",\"classes\":\"\",\"dependency\":\"\",\"id\":\"widget-tribe-widget-events-list--1-limit\",\"name\":\"widget-tribe-widget-events-list[-1][limit]\",\"options\":[],\"placeholder\":\"\",\"value\":null},\"no_upcoming_events\":{\"label\":\"Oculta aquest giny si no hi ha esdeveniments propers.\",\"type\":\"checkbox\",\"parent_classes\":\"\",\"classes\":\"\",\"dependency\":\"\",\"id\":\"widget-tribe-widget-events-list--1-no_upcoming_events\",\"name\":\"widget-tribe-widget-events-list[-1][no_upcoming_events]\",\"options\":[],\"placeholder\":\"\",\"value\":null},\"featured_events_only\":{\"label\":\"Mostra el giny si hi ha esdeveniments destacats\",\"type\":\"checkbox\",\"parent_classes\":\"\",\"classes\":\"\",\"dependency\":\"\",\"id\":\"widget-tribe-widget-events-list--1-featured_events_only\",\"name\":\"widget-tribe-widget-events-list[-1][featured_events_only]\",\"options\":[],\"placeholder\":\"\",\"value\":null},\"jsonld_enable\":{\"label\":\"Genera les dades JSON-LD\",\"type\":\"checkbox\",\"parent_classes\":\"\",\"classes\":\"\",\"dependency\":\"\",\"id\":\"widget-tribe-widget-events-list--1-jsonld_enable\",\"name\":\"widget-tribe-widget-events-list[-1][jsonld_enable]\",\"options\":[],\"placeholder\":\"\",\"value\":null}},\"events\":[560,626],\"url\":\"https:\\\/\\\/vidasilvestre.eu\\\/ca\\\/?post_type=tribe_events&eventDisplay=widget-events-list\",\"url_event_date\":false,\"bar\":{\"keyword\":\"\",\"date\":\"\"},\"today\":\"2026-09-04 00:00:00\",\"now\":\"2026-09-04 05:31:23\",\"home_url\":\"https:\\\/\\\/vidasilvestre.eu\\\/ca\",\"rest_url\":\"https:\\\/\\\/vidasilvestre.eu\\\/ca\\\/wp-json\\\/tribe\\\/views\\\/v2\\\/html\",\"rest_method\":\"GET\",\"rest_nonce\":\"\",\"today_url\":\"https:\\\/\\\/vidasilvestre.eu\\\/ca\\\/?post_type=tribe_events&eventDisplay=widget-events-list&rest_route=%2Fwp%2Fv2%2Fpages%2F131\",\"today_title\":\"Cliqueu per seleccionar la data d'avui\",\"today_label\":\"Avui\",\"prev_label\":\"\",\"next_label\":\"\",\"date_formats\":{\"compact\":\"n\\\/j\\\/Y\",\"month_and_year_compact\":\"n\\\/j\\\/Y\",\"month_and_year\":\"F Y\",\"time_range_separator\":\" - \",\"date_time_separator\":\" @ \"},\"messages\":[],\"start_of_week\":\"1\",\"header_title\":\"\",\"header_title_element\":\"h1\",\"content_title\":\"\",\"show_content_title\":false,\"breadcrumbs\":[],\"backlink\":false,\"before_events\":\"\",\"after_events\":\"\\n<!--\\nThis calendar is powered by The Events Calendar.\\nhttp:\\\/\\\/evnt.is\\\/18wn\\n-->\\n\",\"display_events_bar\":false,\"disable_event_search\":false,\"live_refresh\":true,\"ical\":{\"display_link\":true,\"link\":{\"url\":\"https:\\\/\\\/vidasilvestre.eu\\\/ca\\\/?post_type=tribe_events&#038;eventDisplay=widget-events-list&#038;ical=1\",\"text\":\"Exporta Esdeveniments\",\"title\":\"Utilitzeu-ho per compartir informaci\\u00f3 del calendari a trav\\u00e9s de Google Calendar, Apple iCal i altres aplicacions compatibles.\"}},\"container_classes\":[\"tribe-common\",\"tribe-events\",\"tribe-events-view\",\"tribe-events-view--widget-events-list\",\"tribe-events-widget\"],\"container_data\":[],\"is_past\":false,\"breakpoints\":{\"xsmall\":500,\"medium\":768,\"full\":960},\"breakpoint_pointer\":\"70808061-fbaa-412b-bfcd-6327be375295\",\"is_initial_load\":false,\"public_views\":{\"list\":{\"view_class\":\"Tribe\\\\Events\\\\Views\\\\V2\\\\Views\\\\List_View\",\"view_url\":\"https:\\\/\\\/vidasilvestre.eu\\\/ca\\\/events\\\/(\\\/?:list|lista)\\\/\",\"view_label\":\"Llista\",\"aria_label\":\"Display Esdeveniments in Llista View\"},\"month\":{\"view_class\":\"Tribe\\\\Events\\\\Views\\\\V2\\\\Views\\\\Month_View\",\"view_url\":\"https:\\\/\\\/vidasilvestre.eu\\\/ca\\\/events\\\/mes\\\/\",\"view_label\":\"Mes\",\"aria_label\":\"Display Esdeveniments in Mes View\"},\"day\":{\"view_class\":\"Tribe\\\\Events\\\\Views\\\\V2\\\\Views\\\\Day_View\",\"view_url\":\"https:\\\/\\\/vidasilvestre.eu\\\/ca\\\/events\\\/(\\\/?:today|hoy)\\\/\",\"view_label\":\"Dia\",\"aria_label\":\"Display Esdeveniments in Dia View\"}},\"show_latest_past\":false,\"past\":false,\"compatibility_classes\":[\"tribe-compatibility-container\"],\"view_more_text\":\"Visualitza el calendari\",\"view_more_title\":\"Visualitza m\\u00e9s esdeveniments.\",\"view_more_link\":\"https:\\\/\\\/vidasilvestre.eu\\\/ca\\\/events\\\/\",\"widget_title\":\"\",\"hide_if_no_upcoming_events\":false,\"display\":[],\"subscribe_links\":{\"gcal\":{\"label\":\"Google Calendar\",\"single_label\":\"Afegeix a Google Calendar\",\"visible\":true,\"block_slug\":\"hasGoogleCalendar\"},\"ical\":{\"label\":\"iCalendar\",\"single_label\":\"Afegeix a iCalendar\",\"visible\":true,\"block_slug\":\"hasiCal\"},\"outlook-365\":{\"label\":\"Outlook 365\",\"single_label\":\"Outlook 365\",\"visible\":true,\"block_slug\":\"hasOutlook365\"},\"outlook-live\":{\"label\":\"Outlook Live\",\"single_label\":\"Outlook Live\",\"visible\":true,\"block_slug\":\"hasOutlookLive\"},\"ics\":{\"label\":\"Exporta el fitxer .ics\",\"single_label\":\"Exporta el fitxer .ics\",\"visible\":true,\"block_slug\":null},\"outlook-ics\":{\"label\":\"Exporta el fitxer .ics d'Outlook\",\"single_label\":\"Exporta el fitxer .ics d'Outlook\",\"visible\":true,\"block_slug\":null}},\"_context\":{\"slug\":\"widget-events-list\"}}<\/script>\n\n\t\t\t\n\t\t\t\n\t\t\t\t<div class=\"tribe-events-widget-events-list__events\">\n\t\t\t\t\t\t\t\t\t\t\t<div  class=\"tribe-common-g-row tribe-events-widget-events-list__event-row\" >\n\n\t<div class=\"tribe-events-widget-events-list__event-date-tag tribe-common-g-col\">\n\t<time class=\"tribe-events-widget-events-list__event-date-tag-datetime\" datetime=\"2026-07-15\">\n\t\t<span class=\"tribe-events-widget-events-list__event-date-tag-month\">\n\t\t\tjul.\t\t<\/span>\n\t\t<span class=\"tribe-events-widget-events-list__event-date-tag-daynum tribe-common-h2 tribe-common-h4--min-medium\">\n\t\t\t15\t\t<\/span>\n\t<\/time>\n<\/div>\n\n\t<div class=\"tribe-events-widget-events-list__event-wrapper tribe-common-g-col\">\n\t\t<article  class=\"tribe-events-widget-events-list__event post-560 tribe_events type-tribe_events status-publish hentry\" >\n\t\t\t<div class=\"tribe-events-widget-events-list__event-details\">\n\n\t\t\t\t<header class=\"tribe-events-widget-events-list__event-header\">\n\t\t\t\t\t<div class=\"tribe-events-widget-events-list__event-datetime-wrapper tribe-common-b2 tribe-common-b3--min-medium\">\n\t\t<time class=\"tribe-events-widget-events-list__event-datetime\" datetime=\"2026-07-15\">\n\t\t<span class=\"tribe-event-date-start\">juliol 15 @ 8:00 am<\/span> &#8211; <span class=\"tribe-event-date-end\">setembre 13 @ 10:00 pm<\/span>\t<\/time>\n\t<\/div>\n\t\t\t\t\t<h3 class=\"tribe-events-widget-events-list__event-title tribe-common-h7\">\n\t<a\n\t\thref=\"https:\/\/vidasilvestre.eu\/ca\/event\/proyecto-trieclipse\/\"\n\t\ttitle=\"Proyecto trieclipse\"\n\t\trel=\"bookmark\"\n\t\tclass=\"tribe-events-widget-events-list__event-title-link tribe-common-anchor-thin\"\n\t>\n\t\tProyecto trieclipse\t<\/a>\n<\/h3>\n\t\t\t\t<\/header>\n\n\t\t\t\t\n\t\t\t<\/div>\n\t\t<\/article>\n\t<\/div>\n\n<\/div>\n\t\t\t\t\t\t\t\t\t\t\t<div  class=\"tribe-common-g-row tribe-events-widget-events-list__event-row\" >\n\n\t<div class=\"tribe-events-widget-events-list__event-date-tag tribe-common-g-col\">\n\t<time class=\"tribe-events-widget-events-list__event-date-tag-datetime\" datetime=\"2026-09-23\">\n\t\t<span class=\"tribe-events-widget-events-list__event-date-tag-month\">\n\t\t\tset.\t\t<\/span>\n\t\t<span class=\"tribe-events-widget-events-list__event-date-tag-daynum tribe-common-h2 tribe-common-h4--min-medium\">\n\t\t\t23\t\t<\/span>\n\t<\/time>\n<\/div>\n\n\t<div class=\"tribe-events-widget-events-list__event-wrapper tribe-common-g-col\">\n\t\t<article  class=\"tribe-events-widget-events-list__event post-626 tribe_events type-tribe_events status-publish hentry\" >\n\t\t\t<div class=\"tribe-events-widget-events-list__event-details\">\n\n\t\t\t\t<header class=\"tribe-events-widget-events-list__event-header\">\n\t\t\t\t\t<div class=\"tribe-events-widget-events-list__event-datetime-wrapper tribe-common-b2 tribe-common-b3--min-medium\">\n\t\t<time class=\"tribe-events-widget-events-list__event-datetime\" datetime=\"2026-09-23\">\n\t\t<span class=\"tribe-event-date-start\">5:00 pm<\/span> &#8211; <span class=\"tribe-event-time\">9:00 pm<\/span>\t<\/time>\n\t<\/div>\n\t\t\t\t\t<h3 class=\"tribe-events-widget-events-list__event-title tribe-common-h7\">\n\t<a\n\t\thref=\"https:\/\/vidasilvestre.eu\/ca\/event\/exposicion-cami-de-les-dones-treballadores-1926-2000\/\"\n\t\ttitle=\"Exposici\u00f3n \u201cCam\u00ed de les Dones Treballadores (1926\u20132000)\u201d\"\n\t\trel=\"bookmark\"\n\t\tclass=\"tribe-events-widget-events-list__event-title-link tribe-common-anchor-thin\"\n\t>\n\t\tExposici\u00f3n \u201cCam\u00ed de les Dones Treballadores (1926\u20132000)\u201d\t<\/a>\n<\/h3>\n\t\t\t\t<\/header>\n\n\t\t\t\t\n\t\t\t<\/div>\n\t\t<\/article>\n\t<\/div>\n\n<\/div>\n\t\t\t\t\t\t\t\t\t<\/div>\n\n\t\t\t\t<div class=\"tribe-events-widget-events-list__view-more tribe-common-b1 tribe-common-b2--min-medium\">\n\t<a\n\t\thref=\"https:\/\/vidasilvestre.eu\/ca\/events\/\"\n\t\tclass=\"tribe-events-widget-events-list__view-more-link tribe-common-anchor-thin\"\n\t\ttitle=\"Visualitza m\u00e9s esdeveniments.\"\n\t>\n\t\tVisualitza el calendari\t<\/a>\n<\/div>\n\n\t\t\t\t\t<\/div>\n\t<\/div>\n<\/div>\n<script data-js='tribe-events-view-nonce-data' type='application\/json'>{\"tvn1\":\"f83657763b\",\"tvn2\":\"\"}<\/script>\n","protected":false},"excerpt":{"rendered":"<p>Actualidad Pr\u00f3ximos eventos<\/p>","protected":false},"author":1,"featured_media":0,"parent":0,"menu_order":0,"comment_status":"closed","ping_status":"closed","template":"","meta":{"_price":"","_stock":"","_tribe_ticket_header":"","_tribe_default_ticket_provider":"","_tribe_ticket_capacity":"0","_ticket_start_date":"","_ticket_end_date":"","_tribe_ticket_show_description":"","_tribe_ticket_show_not_going":false,"_tribe_ticket_use_global_stock":"","_tribe_ticket_global_stock_level":"","_global_stock_mode":"","_global_stock_cap":"","_tribe_rsvp_for_event":"","_tribe_ticket_going_count":"","_tribe_ticket_not_going_count":"","_tribe_tickets_list":"[]","_tribe_ticket_has_attendee_info_fields":false,"footnotes":"","_tec_slr_enabled":"","_tec_slr_layout":""},"class_list":["post-131","page","type-page","status-publish","hentry"],"ticketed":false,"_links":{"self":[{"href":"https:\/\/vidasilvestre.eu\/ca\/wp-json\/wp\/v2\/pages\/131","targetHints":{"allow":["GET"]}}],"collection":[{"href":"https:\/\/vidasilvestre.eu\/ca\/wp-json\/wp\/v2\/pages"}],"about":[{"href":"https:\/\/vidasilvestre.eu\/ca\/wp-json\/wp\/v2\/types\/page"}],"author":[{"embeddable":true,"href":"https:\/\/vidasilvestre.eu\/ca\/wp-json\/wp\/v2\/users\/1"}],"replies":[{"embeddable":true,"href":"https:\/\/vidasilvestre.eu\/ca\/wp-json\/wp\/v2\/comments?post=131"}],"version-history":[{"count":11,"href":"https:\/\/vidasilvestre.eu\/ca\/wp-json\/wp\/v2\/pages\/131\/revisions"}],"predecessor-version":[{"id":204,"href":"https:\/\/vidasilvestre.eu\/ca\/wp-json\/wp\/v2\/pages\/131\/revisions\/204"}],"wp:attachment":[{"href":"https:\/\/vidasilvestre.eu\/ca\/wp-json\/wp\/v2\/media?parent=131"}],"curies":[{"name":"wp","href":"https:\/\/api.w.org\/{rel}","templated":true}]}}